{"id":171,"date":"2020-05-12T12:18:23","date_gmt":"2020-05-12T10:18:23","guid":{"rendered":"http:\/\/bvcdorl.cluster021.hosting.ovh.net\/?page_id=171"},"modified":"2026-03-22T14:16:27","modified_gmt":"2026-03-22T13:16:27","slug":"formation-passeurs","status":"publish","type":"page","link":"http:\/\/passerellesdespossibles.org\/?page_id=171","title":{"rendered":"Formation \u00ab\u00a0Passeur.euse.s\u00a0\u00bb"},"content":{"rendered":"\n<p><strong>De quoi s\u2019agit-il exactement ?&nbsp;<\/strong><\/p>\n\n\n\n<p>Pas de panique, il ne s\u2019agit pas de devenir formateur.ice !<\/p>\n\n\n\n<p>L\u2019intention de cette formation est d\u2019accompagner des personnes d\u00e9j\u00e0 form\u00e9es en Communication (d\u2019apr\u00e8s la Communication Non Violente de Marshall Rosenberg), et de les aider \u00e0 trouver comment apporter leur contribution \u00e0 l\u2019essaimage de la non violence dans les relations.<\/p>\n\n\n\n<p><strong>Quel est le programme ?<\/strong><\/p>\n\n\n\n<ul class=\"wp-block-list\">\n<li>On revisite les outils de la Communication Non Violente,<\/li>\n\n\n\n<li>Chaque stagiaire construit son projet d\u2019essaimage, sur son territoire, en fonction de ses aspirations et possibilit\u00e9s.<\/li>\n<\/ul>\n\n\n\n<p><\/p>\n\n\n\n<figure class=\"wp-block-image size-large\"><img loading=\"lazy\" decoding=\"async\" width=\"889\" height=\"1024\" src=\"http:\/\/passerellesdespossibles.org\/wp-content\/uploads\/2026\/03\/formations_2026-889x1024.jpg\" alt=\"\" class=\"wp-image-708\" srcset=\"http:\/\/passerellesdespossibles.org\/wp-content\/uploads\/2026\/03\/formations_2026-889x1024.jpg 889w, http:\/\/passerellesdespossibles.org\/wp-content\/uploads\/2026\/03\/formations_2026-261x300.jpg 261w, http:\/\/passerellesdespossibles.org\/wp-content\/uploads\/2026\/03\/formations_2026-768x884.jpg 768w, http:\/\/passerellesdespossibles.org\/wp-content\/uploads\/2026\/03\/formations_2026.jpg 1209w\" sizes=\"auto, (max-width: 889px) 100vw, 889px\" \/><\/figure>\n\n\n\n<p>La formation d&rsquo;<strong>Animateur.ice en Communication interpersonnelle <\/strong>dite \u00ab\u00a0Passeur.euses\u00a0\u00bb permet aux participant.es, sur plusieurs mois, de <strong>d\u00e9velopper un projet personnel <\/strong>de partage et de transmission (atelier scolaire, groupe de pratique, initiation, \u00e9coute, etc). Elle s&rsquo;organise dans toute la France. <br><br>3<strong> week-end<\/strong> en pr\u00e9sentiel, autant d&rsquo;<strong>entretiens individuels<\/strong>, et trois <strong>groupes de travail<\/strong> \u00e0 distance, ainsi qu&rsquo;un saut dans le grand bain avec la mise en \u0153uvre et en pratique d&rsquo;un moment de transmission \u00e0 un groupe avec toute la promo, constituent le parcours. <br>Cette formation peut \u00eatre financ\u00e9e par votre employeur, ou \u00eatre partiellement prise en charge par l&rsquo;association afin de la rendre accessible \u00e0 toutes et tous.<\/p>\n\n\n\n<p class=\"has-luminous-vivid-orange-color has-text-color\"><strong>Pr\u00e9-requis : <\/strong><\/p>\n\n\n\n<ul class=\"wp-block-list\">\n<li>Avoir d\u00e9j\u00e0 suivi une ou plusieurs formations en Communication bienveillante, ou en Communication Non Violente (CNV)<\/li>\n\n\n\n<li>Avoir int\u00e9gr\u00e9 l&rsquo;\u00e9tat d&rsquo;esprit de la CNV\/CB, et notamment : l&rsquo;intention dans la relation ; prendre la responsabilit\u00e9 de ce que je vis, etc<\/li>\n\n\n\n<li>\u00catre en capacit\u00e9 d&rsquo;utiliser les outils &#8211; tout au moins certains outils &#8211; de la CNV\/CB dans sa vie quotidienne<\/li>\n<\/ul>\n\n\n\n<p class=\"has-luminous-vivid-orange-color has-text-color\"><strong>Formation 2025 \/ 2026 :<\/strong><\/p>\n\n\n\n<p><\/p>\n\n\n\n<p class=\"has-luminous-vivid-orange-color has-text-color\"><strong>Tarifs<\/strong><\/p>\n\n\n\n<p>Pour permettre un acc\u00e8s le plus juste possible pour les participant.e.s, trois tarifs sont propos\u00e9s pour les frais p\u00e9dagogiques (payables en plusieurs fois) :<\/p>\n\n\n\n<ul class=\"wp-block-list\">\n<li><strong>Tarif de base<\/strong> : 880 \u20ac<br><\/li>\n\n\n\n<li><strong>Tarif soutien<\/strong> : \u00e0 partir de 1000 \u20ac, dont une partie est d\u00e9fiscalisable<br><\/li>\n\n\n\n<li><strong>Tarif solidaire<\/strong> : 330 \u20ac<\/li>\n<\/ul>\n\n\n\n<p>L\u2019adh\u00e9sion (d\u00e9fiscalisable) \u00e0 l\u2019association (\u00e0 partir de 1\u20ac) est obligatoire, en plus des frais p\u00e9dagogiques .<br><\/p>\n\n\n\n<p><strong>Envie d&rsquo;en savoir plus ?<\/strong> Demandez-nous le document d&rsquo;information complet en envoyant un mail \u00e0 <strong><a href=\"mailto:passerellespossibles@gmail.com\">passerellespossibles@gmail.com<\/a><\/strong><\/p>\n\n\n\n<p class=\"has-larger-font-size\">Quelques souvenirs de la Promo 2024 !<\/p>\n\n\n\n<figure class=\"wp-block-image size-large\"><img loading=\"lazy\" decoding=\"async\" width=\"682\" height=\"1024\" src=\"http:\/\/passerellesdespossibles.org\/wp-content\/uploads\/2024\/12\/Kaleidoscope-682x1024.jpg\" alt=\"\" class=\"wp-image-517\" srcset=\"http:\/\/passerellesdespossibles.org\/wp-content\/uploads\/2024\/12\/Kaleidoscope-682x1024.jpg 682w, http:\/\/passerellesdespossibles.org\/wp-content\/uploads\/2024\/12\/Kaleidoscope-200x300.jpg 200w, http:\/\/passerellesdespossibles.org\/wp-content\/uploads\/2024\/12\/Kaleidoscope-768x1152.jpg 768w, http:\/\/passerellesdespossibles.org\/wp-content\/uploads\/2024\/12\/Kaleidoscope-1024x1536.jpg 1024w, http:\/\/passerellesdespossibles.org\/wp-content\/uploads\/2024\/12\/Kaleidoscope.jpg 1333w\" sizes=\"auto, (max-width: 682px) 100vw, 682px\" \/><\/figure>\n\n\n\n<h2 class=\"wp-block-heading\">Quelques souvenirs de la Promo 2023&#8230;<\/h2>\n\n\n\n<p><\/p>\n\n\n\n<div class=\"wp-block-group\"><div class=\"wp-block-group__inner-container is-layout-constrained wp-block-group-is-layout-constrained\">\n<figure class=\"wp-block-gallery has-nested-images columns-default is-cropped wp-block-gallery-1 is-layout-flex wp-block-gallery-is-layout-flex\">\n<figure class=\"wp-block-image size-large\"><img loading=\"lazy\" decoding=\"async\" width=\"461\" height=\"1024\" data-id=\"362\" src=\"http:\/\/passerellesdespossibles.org\/wp-content\/uploads\/2023\/04\/Photo-Christine-site-461x1024.jpg\" alt=\"\" class=\"wp-image-362\" srcset=\"http:\/\/passerellesdespossibles.org\/wp-content\/uploads\/2023\/04\/Photo-Christine-site-461x1024.jpg 461w, http:\/\/passerellesdespossibles.org\/wp-content\/uploads\/2023\/04\/Photo-Christine-site-135x300.jpg 135w, http:\/\/passerellesdespossibles.org\/wp-content\/uploads\/2023\/04\/Photo-Christine-site-768x1707.jpg 768w, http:\/\/passerellesdespossibles.org\/wp-content\/uploads\/2023\/04\/Photo-Christine-site-691x1536.jpg 691w, http:\/\/passerellesdespossibles.org\/wp-content\/uploads\/2023\/04\/Photo-Christine-site-922x2048.jpg 922w, http:\/\/passerellesdespossibles.org\/wp-content\/uploads\/2023\/04\/Photo-Christine-site-scaled.jpg 1152w\" sizes=\"auto, (max-width: 461px) 100vw, 461px\" \/><figcaption class=\"wp-element-caption\">Christine<\/figcaption><\/figure>\n\n\n\n<figure class=\"wp-block-image size-large\"><img loading=\"lazy\" decoding=\"async\" width=\"729\" height=\"1024\" data-id=\"372\" src=\"http:\/\/passerellesdespossibles.org\/wp-content\/uploads\/2023\/05\/Avatar-Caroline-site-729x1024.jpg\" alt=\"\" class=\"wp-image-372\" srcset=\"http:\/\/passerellesdespossibles.org\/wp-content\/uploads\/2023\/05\/Avatar-Caroline-site-729x1024.jpg 729w, http:\/\/passerellesdespossibles.org\/wp-content\/uploads\/2023\/05\/Avatar-Caroline-site-214x300.jpg 214w, http:\/\/passerellesdespossibles.org\/wp-content\/uploads\/2023\/05\/Avatar-Caroline-site-768x1079.jpg 768w, http:\/\/passerellesdespossibles.org\/wp-content\/uploads\/2023\/05\/Avatar-Caroline-site-1094x1536.jpg 1094w, http:\/\/passerellesdespossibles.org\/wp-content\/uploads\/2023\/05\/Avatar-Caroline-site.jpg 1458w\" sizes=\"auto, (max-width: 729px) 100vw, 729px\" \/><figcaption class=\"wp-element-caption\">L&rsquo;avatar de Caroline<\/figcaption><\/figure>\n\n\n\n<figure class=\"wp-block-image size-large is-style-default\"><img loading=\"lazy\" decoding=\"async\" width=\"678\" height=\"1024\" data-id=\"370\" src=\"http:\/\/passerellesdespossibles.org\/wp-content\/uploads\/2023\/05\/Marie1-678x1024.jpg\" alt=\"\" class=\"wp-image-370\" srcset=\"http:\/\/passerellesdespossibles.org\/wp-content\/uploads\/2023\/05\/Marie1-678x1024.jpg 678w, http:\/\/passerellesdespossibles.org\/wp-content\/uploads\/2023\/05\/Marie1-199x300.jpg 199w, http:\/\/passerellesdespossibles.org\/wp-content\/uploads\/2023\/05\/Marie1-768x1160.jpg 768w, http:\/\/passerellesdespossibles.org\/wp-content\/uploads\/2023\/05\/Marie1-1017x1536.jpg 1017w, http:\/\/passerellesdespossibles.org\/wp-content\/uploads\/2023\/05\/Marie1-1356x2048.jpg 1356w, http:\/\/passerellesdespossibles.org\/wp-content\/uploads\/2023\/05\/Marie1-scaled.jpg 1696w\" sizes=\"auto, (max-width: 678px) 100vw, 678px\" \/><figcaption class=\"wp-element-caption\">Marie<\/figcaption><\/figure>\n<\/figure>\n<\/div><\/div>\n\n\n\n<p><em><strong><mark style=\"background-color:rgba(0, 0, 0, 0)\" class=\"has-inline-color has-luminous-vivid-orange-color\">Caroline<\/mark><\/strong><\/em> <em>Mon intention \u00e0 l&rsquo;issue de la formation de Passeuse est de pratiquer les outils de la communication bienveillante \u00e0 plusieurs niveaux : <\/em><\/p>\n\n\n\n<p><\/p>\n\n\n\n<p>________<\/p>\n\n\n\n<p><em><strong><mark style=\"background-color:rgba(0, 0, 0, 0)\" class=\"has-inline-color has-luminous-vivid-orange-color\">Marie<\/mark><\/strong> Cette formation est pour moi un tremplin pour diffuser la communication bienveillante dans mon cercle professionnel (habitats partag\u00e9s r\u00e9unissant des publics fragiles), dans mon cercle associatif (actions de sensibilisation aux alternatives solidaires et \u00e9cologiques locales) et bien s\u00fbr dans ma sph\u00e8re personnelle (notamment aupr\u00e8s de jeunes enfants). La communication bienveillante, une drogue \u00e0 consommer sans mod\u00e9ration \ud83d\ude42&nbsp;<\/em><\/p>\n\n\n\n<figure class=\"wp-block-image size-large is-style-rounded\"><img loading=\"lazy\" decoding=\"async\" width=\"768\" height=\"1024\" src=\"http:\/\/passerellesdespossibles.org\/wp-content\/uploads\/2023\/04\/Photo-Nadera-site-2-768x1024.jpg\" alt=\"\" class=\"wp-image-366\" srcset=\"http:\/\/passerellesdespossibles.org\/wp-content\/uploads\/2023\/04\/Photo-Nadera-site-2-768x1024.jpg 768w, http:\/\/passerellesdespossibles.org\/wp-content\/uploads\/2023\/04\/Photo-Nadera-site-2-225x300.jpg 225w, http:\/\/passerellesdespossibles.org\/wp-content\/uploads\/2023\/04\/Photo-Nadera-site-2-1152x1536.jpg 1152w, http:\/\/passerellesdespossibles.org\/wp-content\/uploads\/2023\/04\/Photo-Nadera-site-2.jpg 1536w\" sizes=\"auto, (max-width: 768px) 100vw, 768px\" \/><figcaption class=\"wp-element-caption\">Nad\u00e9ra<\/figcaption><\/figure>\n\n\n\n<p><em>Je m&rsquo;appelle <strong><mark style=\"background-color:rgba(0, 0, 0, 0)\" class=\"has-inline-color has-luminous-vivid-orange-color\">Nad\u00e9ra<\/mark><\/strong>. J&rsquo;ai commenc\u00e9 \u00e0 suivre des ateliers de communication bienveillante avec l&rsquo;association Passerelles des Possibles en 2019. Deux amies, d\u00e9j\u00e0 form\u00e9es aux outils, m&rsquo;en parlaient souvent. Et mieux, je sentais que leur \u00e9coute me faisait beaucoup de bien!&nbsp;&nbsp;<\/em><\/p>\n\n\n\n<p><em>Je me suis inscrite \u00e0 la formation des passeuses pour, entre autres, affiner mon \u00e9coute et laisser plus de place au silence<\/em>.<\/p>\n\n\n\n<figure class=\"wp-block-gallery has-nested-images columns-default is-cropped wp-block-gallery-2 is-layout-flex wp-block-gallery-is-layout-flex\">\n<figure class=\"wp-block-image size-large is-style-default\"><img loading=\"lazy\" decoding=\"async\" width=\"1024\" height=\"734\" data-id=\"358\" src=\"http:\/\/passerellesdespossibles.org\/wp-content\/uploads\/2023\/04\/Avatar-Alice-2-site-1024x734.jpg\" alt=\"\" class=\"wp-image-358\" srcset=\"http:\/\/passerellesdespossibles.org\/wp-content\/uploads\/2023\/04\/Avatar-Alice-2-site-1024x734.jpg 1024w, http:\/\/passerellesdespossibles.org\/wp-content\/uploads\/2023\/04\/Avatar-Alice-2-site-300x215.jpg 300w, http:\/\/passerellesdespossibles.org\/wp-content\/uploads\/2023\/04\/Avatar-Alice-2-site-768x551.jpg 768w, http:\/\/passerellesdespossibles.org\/wp-content\/uploads\/2023\/04\/Avatar-Alice-2-site-1536x1101.jpg 1536w, http:\/\/passerellesdespossibles.org\/wp-content\/uploads\/2023\/04\/Avatar-Alice-2-site.jpg 1795w\" sizes=\"auto, (max-width: 1024px) 100vw, 1024px\" \/><figcaption class=\"wp-element-caption\">L&rsquo;avatar d&rsquo;Alice<\/figcaption><\/figure>\n<\/figure>\n\n\n\n<p>Bonjour, <em>je m\u2019appelle <strong><mark style=\"background-color:rgba(0, 0, 0, 0)\" class=\"has-inline-color has-luminous-vivid-orange-color\">Alice<\/mark><\/strong> et j\u2019habite en Ard\u00e8che. J\u2019ai d\u00e9couvert la communication bienveillante avec Mariette Schifferer il y a cinq ans environ&nbsp;: Ce f\u00fbt une r\u00e9v\u00e9lation&nbsp;!<\/em><\/p>\n\n\n\n<p><em>Aujourd\u2019hui, je souhaite partager cette exp\u00e9rience et les outils qu\u2019offre la communication bienveillante \u00e0 un public d\u2019adolescents au sein du coll\u00e8ge dans lequel un de mes enfants est scolaris\u00e9&nbsp;: j\u2019ai cr\u00e9e une fiche illustr\u00e9e qui regroupe plusieurs outils permettant aux adolescents d\u2019explorer une situation v\u00e9cue sous plusieurs angles, l\u2019id\u00e9e est de leur permettre d\u2019apaiser les tensions (relation entre \u00e9l\u00e8ves, prof\/\u00e9l\u00e8ves\u2026) . Je souhaite aussi mettre en place un groupe de pratique pour adulte sur Aubenas.<\/em><\/p>\n\n\n\n<p><\/p>\n\n\n\n<p><\/p>\n\n\n\n<h4 class=\"wp-block-heading has-text-align-center has-luminous-vivid-orange-color has-text-color\"><strong>En 2021, Passerelles a form\u00e9 sa seconde promo<\/strong> :<\/h4>\n\n\n\n<p><\/p>\n\n\n<div class=\"wp-block-image is-style-rounded\">\n<figure class=\"aligncenter size-full is-resized\"><img loading=\"lazy\" decoding=\"async\" width=\"1504\" height=\"2016\" src=\"http:\/\/passerellesdespossibles.org\/wp-content\/uploads\/2022\/05\/promo-2021.jpg\" alt=\"\" class=\"wp-image-309\" style=\"width:376px;height:504px\" srcset=\"http:\/\/passerellesdespossibles.org\/wp-content\/uploads\/2022\/05\/promo-2021.jpg 1504w, http:\/\/passerellesdespossibles.org\/wp-content\/uploads\/2022\/05\/promo-2021-224x300.jpg 224w, http:\/\/passerellesdespossibles.org\/wp-content\/uploads\/2022\/05\/promo-2021-764x1024.jpg 764w, http:\/\/passerellesdespossibles.org\/wp-content\/uploads\/2022\/05\/promo-2021-768x1029.jpg 768w, http:\/\/passerellesdespossibles.org\/wp-content\/uploads\/2022\/05\/promo-2021-1146x1536.jpg 1146w\" sizes=\"auto, (max-width: 1504px) 100vw, 1504px\" \/><figcaption class=\"wp-element-caption\">Jeanne, Emmeline, Karine, Alexandra, et Mathilde, futures Animatrices en Communication Bienveillante lors du dernier regroupement en Haute-Loire<\/figcaption><\/figure>\n<\/div>\n\n\n<p><\/p>\n\n\n\n<h4 class=\"wp-block-heading has-text-align-center has-luminous-vivid-orange-color has-text-color\">Premi\u00e8re promo 2019 :<\/h4>\n\n\n\n<p><\/p>\n\n\n<div class=\"wp-block-image is-style-rounded\">\n<figure class=\"aligncenter size-large is-resized\"><img loading=\"lazy\" decoding=\"async\" width=\"1024\" height=\"768\" src=\"http:\/\/bvcdorl.cluster021.hosting.ovh.net\/wp-content\/uploads\/2020\/05\/20190612_180401-1024x768.jpg\" alt=\"\" class=\"wp-image-178\" style=\"width:537px;height:402px\" srcset=\"http:\/\/passerellesdespossibles.org\/wp-content\/uploads\/2020\/05\/20190612_180401-1024x768.jpg 1024w, http:\/\/passerellesdespossibles.org\/wp-content\/uploads\/2020\/05\/20190612_180401-300x225.jpg 300w, http:\/\/passerellesdespossibles.org\/wp-content\/uploads\/2020\/05\/20190612_180401-768x576.jpg 768w, http:\/\/passerellesdespossibles.org\/wp-content\/uploads\/2020\/05\/20190612_180401-1536x1152.jpg 1536w, http:\/\/passerellesdespossibles.org\/wp-content\/uploads\/2020\/05\/20190612_180401-2048x1536.jpg 2048w\" sizes=\"auto, (max-width: 1024px) 100vw, 1024px\" \/><figcaption class=\"wp-element-caption\"><em>B\u00e9rang\u00e8re, J\u00e9r\u00e9my, Oph\u00e9lie, Lucile, Clara et Mariette &#8211; Deuxi\u00e8me week-end de formation au Cap Ferret<\/em><br><\/figcaption><\/figure>\n<\/div>\n\n\n<figure class=\"wp-block-gallery has-nested-images columns-default is-cropped wp-block-gallery-3 is-layout-flex wp-block-gallery-is-layout-flex\">\n<figure class=\"wp-block-image size-large\"><img loading=\"lazy\" decoding=\"async\" width=\"1024\" height=\"576\" data-id=\"175\" src=\"http:\/\/bvcdorl.cluster021.hosting.ovh.net\/wp-content\/uploads\/2020\/05\/IMG-20200121-WA0018-1024x576.jpg\" alt=\"\" class=\"wp-image-175\" srcset=\"http:\/\/passerellesdespossibles.org\/wp-content\/uploads\/2020\/05\/IMG-20200121-WA0018-1024x576.jpg 1024w, http:\/\/passerellesdespossibles.org\/wp-content\/uploads\/2020\/05\/IMG-20200121-WA0018-300x169.jpg 300w, http:\/\/passerellesdespossibles.org\/wp-content\/uploads\/2020\/05\/IMG-20200121-WA0018-768x432.jpg 768w, http:\/\/passerellesdespossibles.org\/wp-content\/uploads\/2020\/05\/IMG-20200121-WA0018-1536x864.jpg 1536w, http:\/\/passerellesdespossibles.org\/wp-content\/uploads\/2020\/05\/IMG-20200121-WA0018.jpg 1600w\" sizes=\"auto, (max-width: 1024px) 100vw, 1024px\" \/><\/figure>\n\n\n\n<figure class=\"wp-block-image size-large\"><img loading=\"lazy\" decoding=\"async\" width=\"1024\" height=\"768\" data-id=\"174\" src=\"http:\/\/bvcdorl.cluster021.hosting.ovh.net\/wp-content\/uploads\/2020\/05\/IMG-20200121-WA0016-1024x768.jpg\" alt=\"\" class=\"wp-image-174\" srcset=\"http:\/\/passerellesdespossibles.org\/wp-content\/uploads\/2020\/05\/IMG-20200121-WA0016-1024x768.jpg 1024w, http:\/\/passerellesdespossibles.org\/wp-content\/uploads\/2020\/05\/IMG-20200121-WA0016-300x225.jpg 300w, http:\/\/passerellesdespossibles.org\/wp-content\/uploads\/2020\/05\/IMG-20200121-WA0016-768x576.jpg 768w, http:\/\/passerellesdespossibles.org\/wp-content\/uploads\/2020\/05\/IMG-20200121-WA0016-1536x1152.jpg 1536w, http:\/\/passerellesdespossibles.org\/wp-content\/uploads\/2020\/05\/IMG-20200121-WA0016.jpg 1600w\" sizes=\"auto, (max-width: 1024px) 100vw, 1024px\" \/><\/figure>\n\n\n\n<figure class=\"wp-block-image size-large\"><img loading=\"lazy\" decoding=\"async\" width=\"1024\" height=\"768\" data-id=\"176\" src=\"http:\/\/bvcdorl.cluster021.hosting.ovh.net\/wp-content\/uploads\/2020\/05\/IMG-20200121-WA0021-1024x768.jpg\" alt=\"\" class=\"wp-image-176\" srcset=\"http:\/\/passerellesdespossibles.org\/wp-content\/uploads\/2020\/05\/IMG-20200121-WA0021-1024x768.jpg 1024w, http:\/\/passerellesdespossibles.org\/wp-content\/uploads\/2020\/05\/IMG-20200121-WA0021-300x225.jpg 300w, http:\/\/passerellesdespossibles.org\/wp-content\/uploads\/2020\/05\/IMG-20200121-WA0021-768x576.jpg 768w, http:\/\/passerellesdespossibles.org\/wp-content\/uploads\/2020\/05\/IMG-20200121-WA0021-1536x1152.jpg 1536w, http:\/\/passerellesdespossibles.org\/wp-content\/uploads\/2020\/05\/IMG-20200121-WA0021.jpg 1600w\" sizes=\"auto, (max-width: 1024px) 100vw, 1024px\" \/><\/figure>\n<figcaption class=\"blocks-gallery-caption wp-element-caption\"><em>Exercice de fin de formation, d&rsquo;initiation gratuite \u00e0 la Communication bienveillante et anim\u00e9e par les \u00ab\u00a0Passeurs\u00a0\u00bb \u00e0 la MJC de Gruissan<\/em><\/figcaption><\/figure>\n\n\n\n<figure class=\"wp-block-gallery has-nested-images columns-default is-cropped wp-block-gallery-4 is-layout-flex wp-block-gallery-is-layout-flex\">\n<figure class=\"wp-block-image size-large\"><img loading=\"lazy\" decoding=\"async\" width=\"1024\" height=\"576\" data-id=\"180\" src=\"http:\/\/bvcdorl.cluster021.hosting.ovh.net\/wp-content\/uploads\/2020\/05\/20190914_142204-1024x576.jpg\" alt=\"\" class=\"wp-image-180\" srcset=\"http:\/\/passerellesdespossibles.org\/wp-content\/uploads\/2020\/05\/20190914_142204-1024x576.jpg 1024w, http:\/\/passerellesdespossibles.org\/wp-content\/uploads\/2020\/05\/20190914_142204-300x169.jpg 300w, http:\/\/passerellesdespossibles.org\/wp-content\/uploads\/2020\/05\/20190914_142204-768x432.jpg 768w, http:\/\/passerellesdespossibles.org\/wp-content\/uploads\/2020\/05\/20190914_142204-1536x864.jpg 1536w, http:\/\/passerellesdespossibles.org\/wp-content\/uploads\/2020\/05\/20190914_142204-2048x1152.jpg 2048w\" sizes=\"auto, (max-width: 1024px) 100vw, 1024px\" \/><\/figure>\n\n\n\n<figure class=\"wp-block-image size-large\"><img loading=\"lazy\" decoding=\"async\" width=\"1024\" height=\"684\" data-id=\"181\" src=\"http:\/\/bvcdorl.cluster021.hosting.ovh.net\/wp-content\/uploads\/2020\/05\/IMG-20190915-WA0007-1024x684.jpg\" alt=\"\" class=\"wp-image-181\" srcset=\"http:\/\/passerellesdespossibles.org\/wp-content\/uploads\/2020\/05\/IMG-20190915-WA0007-1024x684.jpg 1024w, http:\/\/passerellesdespossibles.org\/wp-content\/uploads\/2020\/05\/IMG-20190915-WA0007-300x200.jpg 300w, http:\/\/passerellesdespossibles.org\/wp-content\/uploads\/2020\/05\/IMG-20190915-WA0007-768x513.jpg 768w, http:\/\/passerellesdespossibles.org\/wp-content\/uploads\/2020\/05\/IMG-20190915-WA0007-1536x1026.jpg 1536w, http:\/\/passerellesdespossibles.org\/wp-content\/uploads\/2020\/05\/IMG-20190915-WA0007.jpg 1600w\" sizes=\"auto, (max-width: 1024px) 100vw, 1024px\" \/><\/figure>\n<figcaption class=\"blocks-gallery-caption wp-element-caption\"><em>Pr\u00e9sentation de l&rsquo;association et de la Communication bienveillante aux 25 ans de Terre &amp; Humanisme &#8211; Ard\u00e8che<\/em><\/figcaption><\/figure>\n\n\n<div class=\"wp-block-image\">\n<figure class=\"aligncenter size-large is-resized\"><img loading=\"lazy\" decoding=\"async\" width=\"1024\" height=\"683\" src=\"http:\/\/bvcdorl.cluster021.hosting.ovh.net\/wp-content\/uploads\/2020\/05\/20190913_152314-bd-1024x683.jpg\" alt=\"\" class=\"wp-image-179\" style=\"width:712px;height:473px\" srcset=\"http:\/\/passerellesdespossibles.org\/wp-content\/uploads\/2020\/05\/20190913_152314-bd-1024x683.jpg 1024w, http:\/\/passerellesdespossibles.org\/wp-content\/uploads\/2020\/05\/20190913_152314-bd-300x200.jpg 300w, http:\/\/passerellesdespossibles.org\/wp-content\/uploads\/2020\/05\/20190913_152314-bd-768x512.jpg 768w, http:\/\/passerellesdespossibles.org\/wp-content\/uploads\/2020\/05\/20190913_152314-bd-1536x1024.jpg 1536w, http:\/\/passerellesdespossibles.org\/wp-content\/uploads\/2020\/05\/20190913_152314-bd-2048x1365.jpg 2048w\" sizes=\"auto, (max-width: 1024px) 100vw, 1024px\" \/><figcaption class=\"wp-element-caption\"><em>\u00ab\u00a0Les petits pas\u00a0\u00bb Exercice de fin de week-end de formation pour se fixer un objectif r\u00e9alisable<\/em><\/figcaption><\/figure>\n<\/div>\n\n\n<p><\/p>\n","protected":false},"excerpt":{"rendered":"<p>De quoi s\u2019agit-il exactement ?&nbsp; Pas de panique, il ne s\u2019agit pas de devenir formateur.ice ! L\u2019intention de cette formation est d\u2019accompagner des personnes d\u00e9j\u00e0 form\u00e9es en Communication (d\u2019apr\u00e8s la&#8230;<\/p>\n<div class=\"more-link-wrapper\"><a class=\"more-link\" href=\"http:\/\/passerellesdespossibles.org\/?page_id=171\">Lire la suite&#8230;<span class=\"screen-reader-text\">Formation \u00ab\u00a0Passeur.euse.s\u00a0\u00bb<\/span><\/a><\/div>\n","protected":false},"author":1,"featured_media":0,"parent":0,"menu_order":0,"comment_status":"closed","ping_status":"closed","template":"","meta":{"footnotes":""},"class_list":["post-171","page","type-page","status-publish","hentry","excerpt"],"_links":{"self":[{"href":"http:\/\/passerellesdespossibles.org\/index.php?rest_route=\/wp\/v2\/pages\/171","targetHints":{"allow":["GET"]}}],"collection":[{"href":"http:\/\/passerellesdespossibles.org\/index.php?rest_route=\/wp\/v2\/pages"}],"about":[{"href":"http:\/\/passerellesdespossibles.org\/index.php?rest_route=\/wp\/v2\/types\/page"}],"author":[{"embeddable":true,"href":"http:\/\/passerellesdespossibles.org\/index.php?rest_route=\/wp\/v2\/users\/1"}],"replies":[{"embeddable":true,"href":"http:\/\/passerellesdespossibles.org\/index.php?rest_route=%2Fwp%2Fv2%2Fcomments&post=171"}],"version-history":[{"count":24,"href":"http:\/\/passerellesdespossibles.org\/index.php?rest_route=\/wp\/v2\/pages\/171\/revisions"}],"predecessor-version":[{"id":710,"href":"http:\/\/passerellesdespossibles.org\/index.php?rest_route=\/wp\/v2\/pages\/171\/revisions\/710"}],"wp:attachment":[{"href":"http:\/\/passerellesdespossibles.org\/index.php?rest_route=%2Fwp%2Fv2%2Fmedia&parent=171"}],"curies":[{"name":"wp","href":"https:\/\/api.w.org\/{rel}","templated":true}]}}